{"id":79,"date":"2024-05-23T14:41:14","date_gmt":"2024-05-23T12:41:14","guid":{"rendered":"http:\/\/92.205.224.155\/?page_id=79"},"modified":"2025-12-22T15:47:03","modified_gmt":"2025-12-22T14:47:03","slug":"flats","status":"publish","type":"page","link":"https:\/\/www.loft-berlin.com\/en\/flaechen\/","title":{"rendered":"SPACES"},"content":{"rendered":"<section class=\"section image-text image-text--variant-4\">\n\t<div class=\"image-text__container container\">\n\t\t\n\t\t\n\t\t<picture class=\"image-text__picture parallax\"><source srcset=\"https:\/\/www.loft-berlin.com:443\/app\/uploads\/2025\/12\/Titelbild-Flaechen-414x265.jpg\" width=\"414\" height=\"265\" media=\"(max-width: 414px)\" \/><source srcset=\"https:\/\/www.loft-berlin.com:443\/app\/uploads\/2025\/12\/Titelbild-Flaechen-727x491.jpg\" width=\"727\" height=\"491\" media=\"(max-width: 767px)\" \/><img loading=\"lazy\" decoding=\"async\" src=\"https:\/\/www.loft-berlin.com:443\/app\/uploads\/2025\/12\/Titelbild-Flaechen-1920x773.jpg\" width=\"1920\" height=\"773\" class=\"parallax__item parallax__load-image\" data-parallax-type=\"scale\" data-parallax-scale=\"1.3\" \/><\/picture><picture class=\"image-text__picture-2 parallax\"><source srcset=\"https:\/\/www.loft-berlin.com:443\/app\/uploads\/2024\/05\/covivio_loft_gewerbeimmobilie_berlin_icon_individualflaeche-187x75.png\" width=\"187\" height=\"75\" media=\"(max-width: 414px)\" \/><source srcset=\"https:\/\/www.loft-berlin.com:443\/app\/uploads\/2024\/05\/covivio_loft_gewerbeimmobilie_berlin_icon_individualflaeche-300x181.png\" width=\"300\" height=\"181\" media=\"(max-width: 767px)\" \/><img loading=\"lazy\" decoding=\"async\" src=\"https:\/\/www.loft-berlin.com:443\/app\/uploads\/2024\/05\/covivio_loft_gewerbeimmobilie_berlin_icon_individualflaeche-300x200.png\" width=\"300\" height=\"200\" class=\"parallax__item parallax__load-image\" data-parallax-type=\"rotate\"  data-parallax-rotate-start=\"-16\" data-parallax-rotate-end=\"4\" \/><\/picture>\t<\/div>\n<\/section>\n\n<section class=\"section image-text image-text--variant-2 parallax\" >\n\t<picture class=\"image-text__picture\"><source srcset=\"https:\/\/www.loft-berlin.com:443\/app\/uploads\/2024\/05\/flaechen-intro.png\" width=\"965\" height=\"754\" media=\"(max-width: 414px)\" \/><source srcset=\"https:\/\/www.loft-berlin.com:443\/app\/uploads\/2024\/05\/flaechen-intro.png\" width=\"965\" height=\"754\" media=\"(max-width: 1440px)\" \/><img loading=\"lazy\" decoding=\"async\" src=\"https:\/\/www.loft-berlin.com:443\/app\/uploads\/2024\/05\/flaechen-intro.png\" width=\"965\" height=\"754\"  class=\"parallax__item parallax__load-image\" data-parallax-type=\"move\" data-parallax-orientation=\"down\" data-parallax-distance=\"22%\" data-parallax-scale=\"1.25\" alt=\"Three people sit in the office and work\" \/><\/picture>\t<div class=\"image-text__text-block\">\n\t\t<h1 class=\"h5\">SPACES<\/h1>\n<p class=\"h3\">WE LOVE FLEXIBLE SPACES.<\/p>\n<p class=\"text--intro\">Our working world has changed, blurring the boundaries between work and leisure. New concepts of work require us to reimagine the spaces we need. Because how we shape the office of tomorrow will determine our success.<\/p>\n<p class=\"text--intro\">If you offer your employees an inspiring environment that fosters communication, they will be more motivated and will deliver better results \u2013 and you will stay ahead in the competition for talented staff.<\/p>\t<\/div>\n<\/section>\n\n\n\t<section class=\"section text-box text-box--variant-2\" style=\"--columns: 2\">\n\t\t<div class=\"container\">\n\t\t\t\t\t\t<div class=\"text-box__container\">\n\t\t\t\t<div class=\"text-box__text-block\"><h2 class=\"h4\">FLOOR PLANS FOR THE OFFICE OF TOMORROW.<\/h2>\n<p>Discover office space for rent in Berlin-Moabit, reimagined with flexible and uncomplicated solutions. Space you can shape the way that is best for your business.<\/p><\/div><div class=\"text-box__text-block\"><ul>\n<li>818 m\u00b2 per floor<\/li>\n<li>7 full floors<\/li>\n<li>Partial or full utilisation (approx. 348 m\u00b2 and approx. 470 m\u00b2)<\/li>\n<li>Open and flexible layouts<\/li>\n<li>Community spaces<\/li>\n<li>Connectivity<\/li>\n<li>Cooling, ventilation, sun protection towards the south<\/li>\n<li>Cavity floors<\/li>\n<\/ul><\/div>\t\t\t<\/div>\n\t\t<\/div>\n\t<\/section>\n\n\n<section class=\"section image-text image-text--variant-1 image-text--image-not-full parallax\" >\n\t<picture class=\"image-text__picture\"><source srcset=\"https:\/\/www.loft-berlin.com:443\/app\/uploads\/2024\/05\/eg-scaled.jpg\" width=\"2560\" height=\"1199\" media=\"(max-width: 414px)\" \/><source srcset=\"https:\/\/www.loft-berlin.com:443\/app\/uploads\/2024\/05\/eg-scaled.jpg\" width=\"2560\" height=\"1199\" media=\"(max-width: 1440px)\" \/><img decoding=\"async\" src=\"https:\/\/www.loft-berlin.com:443\/app\/uploads\/2024\/05\/eg-scaled.jpg\" width=\"2560\" height=\"1199\"  class=\"parallax__item parallax__load-image\" data-parallax-type=\"move\" data-parallax-orientation=\"down\" data-parallax-distance=\"22%\" data-parallax-scale=\"1.25\" loading=\"lazy\" \/><\/picture>\t<div class=\"image-text__text-block\">\n\t\t<h3 class=\"h4\">Ground floor<\/h3><ul>\n<li>Reception<\/li>\n<li>Public gastronomy<\/li>\n<li>Access to the courtyards<\/li>\n<\/ul>\n<p><a class=\"button button--primary\" href=\"\/en\/app\/uploads\/2024\/05\/eg-scaled.jpg\/\" target=\"_blank\" rel=\"noopener\">Zoom in<\/a><\/p>\t<\/div>\n<\/section>\n\n\n<section class=\"section image-text image-text--variant-2 parallax\" >\n\t<picture class=\"image-text__picture\"><source srcset=\"https:\/\/www.loft-berlin.com:443\/app\/uploads\/2024\/05\/Grundriss__0002_Regelgeschoss-scaled-e1716889489983.jpg\" width=\"1809\" height=\"1198\" media=\"(max-width: 414px)\" \/><source srcset=\"https:\/\/www.loft-berlin.com:443\/app\/uploads\/2024\/05\/Grundriss__0002_Regelgeschoss-scaled-e1716889489983.jpg\" width=\"1809\" height=\"1198\" media=\"(max-width: 1440px)\" \/><img decoding=\"async\" src=\"https:\/\/www.loft-berlin.com:443\/app\/uploads\/2024\/05\/Grundriss__0002_Regelgeschoss-scaled-e1716889489983.jpg\" width=\"1809\" height=\"1198\"  class=\"parallax__item parallax__load-image\" data-parallax-type=\"move\" data-parallax-orientation=\"down\" data-parallax-distance=\"22%\" data-parallax-scale=\"1.25\" loading=\"lazy\" \/><\/picture>\t<div class=\"image-text__text-block\">\n\t\t<h3 class=\"h4\">Standard floor<\/h3><ul>\n<li>approx. 68 workstations per floor<\/li>\n<li>approx. 12  m<sup>2<\/sup> per workstation<\/li>\n<\/ul>\n<p><a class=\"button button--primary\" href=\"\/en\/app\/uploads\/2024\/05\/Grundriss__0002_Regelgeschoss-scaled.jpg\/\" target=\"_blank\" rel=\"noopener\">Zoom in<\/a><\/p>\t<\/div>\n<\/section>\n\n\n<section class=\"section image-text image-text--variant-3 parallax\" style=\"--black-shadow-opacity: 0;\">\n\t<picture class=\"image-text__picture\"><source srcset=\"https:\/\/www.loft-berlin.com:443\/app\/uploads\/2024\/05\/flaechen-414x790.jpg\" width=\"414\" height=\"790\" media=\"(max-width: 414px)\" \/><source srcset=\"https:\/\/www.loft-berlin.com:443\/app\/uploads\/2024\/05\/flaechen-768x932.jpg\" width=\"768\" height=\"932\" media=\"(max-width: 768px)\" \/><source srcset=\"https:\/\/www.loft-berlin.com:443\/app\/uploads\/2024\/05\/flaechen-1024x740.jpg\" width=\"1024\" height=\"740\" media=\"(max-width: 1024px)\" \/><img decoding=\"async\" src=\"https:\/\/www.loft-berlin.com:443\/app\/uploads\/2024\/05\/flaechen-1920x883.jpg\" width=\"1920\" height=\"883\" class=\"parallax__item parallax__load-image\" data-parallax-type=\"move\" data-parallax-orientation=\"down\" data-parallax-distance=\"22%\" data-parallax-scale=\"1.25\" alt=\"Clinker brick fa\u00e7ade of a commercial building with a view of the sky\" loading=\"lazy\" \/><\/picture>\t<div class=\"image-text__text-block\">\n\t\t\t\t\t\t\t\t\t<\/div>\n\t<\/section>\n\n\n\n\n\t<section class=\"section text-box text-box--variant-1\" >\n\t\t<div class=\"container\">\n\t\t\t<h2 class=\"h4\">LOTS OF SPACE. EVEN MORE FREE SPACE.<\/h2><p>These offices in the heart of Berlin are full of possibilities and never cease to amaze. Where else can you just pick up and move your workplace outdoors? LOFT offers you flexibility and space for the best ideas.<\/p>\t\t<\/div>\n\t<\/section>\n\n\n\n<section class=\"section teaser-list teaser-list--variant-5\">\n\t\t<div class=\"teaser-list__container container\">\n\t\t\n\t\t<div class=\"teaser-list__list\">\n\t\t\t\t\t\t\t<article class=\"teaser-list__teaser\">\n\t\t\t\t\t<picture class=\"teaser-list__teaser-picture\"><source srcset=\"https:\/\/www.loft-berlin.com:443\/app\/uploads\/2024\/05\/hoefe1-374x181.png\" width=\"374\" height=\"181\" media=\"(max-width: 414px)\" \/><source srcset=\"https:\/\/www.loft-berlin.com:443\/app\/uploads\/2024\/05\/hoefe1.png\" width=\"420\" height=\"200\" media=\"(max-width: 767px)\" \/><img decoding=\"async\" src=\"https:\/\/www.loft-berlin.com:443\/app\/uploads\/2024\/05\/hoefe1-408x197.png\" width=\"408\" height=\"197\"  loading=\"lazy\" \/><\/picture>\t\t\t\t\t\t\t\t\t\t\t<p class=\"teaser-list__teaser-title\"><span>Co-Working<\/span><\/p>\n\t\t\t\t\t\t\t\t\t\t\t\t\t\t\t\t<p class=\"teaser-list__teaser-text\">\n\t\t\t\t\t\t\twith the LOFT Community\t\t\t\t\t\t\t\t\t\t\t\t\t<\/p>\n\t\t\t\t\t\n\t\t\t\t\t\t\t\t\t<\/article>\n\t\t\t\t\t\t\t<article class=\"teaser-list__teaser\">\n\t\t\t\t\t<picture class=\"teaser-list__teaser-picture\"><source srcset=\"https:\/\/www.loft-berlin.com:443\/app\/uploads\/2024\/05\/hoefe3-374x181.png\" width=\"374\" height=\"181\" media=\"(max-width: 414px)\" \/><source srcset=\"https:\/\/www.loft-berlin.com:443\/app\/uploads\/2024\/05\/hoefe3.png\" width=\"420\" height=\"200\" media=\"(max-width: 767px)\" \/><img decoding=\"async\" src=\"https:\/\/www.loft-berlin.com:443\/app\/uploads\/2024\/05\/hoefe3-408x197.png\" width=\"408\" height=\"197\"  loading=\"lazy\" \/><\/picture>\t\t\t\t\t\t\t\t\t\t\t<p class=\"teaser-list__teaser-title\"><span>Outdoor Meeting<\/span><\/p>\n\t\t\t\t\t\t\t\t\t\t\t\t\t\t\t\t<p class=\"teaser-list__teaser-text\">\n\t\t\t\t\t\t\twith new perspectives\t\t\t\t\t\t\t\t\t\t\t\t\t<\/p>\n\t\t\t\t\t\n\t\t\t\t\t\t\t\t\t<\/article>\n\t\t\t\t\t\t\t<article class=\"teaser-list__teaser\">\n\t\t\t\t\t<picture class=\"teaser-list__teaser-picture\"><source srcset=\"https:\/\/www.loft-berlin.com:443\/app\/uploads\/2024\/05\/hoefe2-374x181.png\" width=\"374\" height=\"181\" media=\"(max-width: 414px)\" \/><source srcset=\"https:\/\/www.loft-berlin.com:443\/app\/uploads\/2024\/05\/hoefe2.png\" width=\"420\" height=\"200\" media=\"(max-width: 767px)\" \/><img decoding=\"async\" src=\"https:\/\/www.loft-berlin.com:443\/app\/uploads\/2024\/05\/hoefe2-408x197.png\" width=\"408\" height=\"197\"  loading=\"lazy\" \/><\/picture>\t\t\t\t\t\t\t\t\t\t\t<p class=\"teaser-list__teaser-title\"><span>Creative Break<\/span><\/p>\n\t\t\t\t\t\t\t\t\t\t\t\t\t\t\t\t<p class=\"teaser-list__teaser-text\">\n\t\t\t\t\t\t\tand then a fresh start\t\t\t\t\t\t\t\t\t\t\t\t\t<\/p>\n\t\t\t\t\t\n\t\t\t\t\t\t\t\t\t<\/article>\n\t\t\t\t\t<\/div>\n\t<\/div>\n<\/section>\n\n\t<section class=\"section text-box text-box--variant-1\" >\n\t\t<div class=\"container\">\n\t\t\t<h2 class=\"h4\">THE BEST OF BOTH WORLDS.<\/h2><p>If you\u2019re looking to rent office space in Berlin that is both functional and attractive, look no further. LOFT combines a historical exterior with everything you\u2019d expect from a modern office building.<\/p>\n<p>High rooms with a ceiling height of at least 3.20 metres, lots of light, extensive views and large windows create a sense of spaciousness that is both inspiring and motivating. The elaborately refurbished steel columns and vaulted ceilings lend the entire LOFT a sophisticated and at once distinctive flair. Open structures lend themselves to a wide variety of uses and invite you to explore new ways of working. At LOFT you\u2019re always connected, wherever you are. The entire LOFT area features a full cavity floor with floor boxes to give you all the flexibility you need.<\/p>\n<p>LOFT satisfies all the requirements of a modern office while preserving the historic building fabric. The modern lift system is operated by key or app and leads directly to your desired destination.<\/p>\n<div style=\"display: flex; flex-wrap: wrap; gap: 40px; justify-content: center; align-items: center;\"><img decoding=\"async\" src=\"\/app\/uploads\/2024\/05\/flaechen-1.png\" alt=\"\" \/> <img decoding=\"async\" src=\"\/app\/uploads\/2024\/05\/flaechen-2.png\" alt=\"\" \/><img decoding=\"async\" src=\"\/app\/uploads\/2024\/05\/flaechen-3.png\" alt=\"\" \/><\/div>\n<p>&nbsp;<\/p>\n<div style=\"text-align: center;\">\n<p class=\"p1\"><a class=\"button button--primary\" href=\"https:\/\/www.loft-berlin.com\/en\/hoefe\/\">DISCOVER THE LOFT COURTYARDS<\/a><\/p>\n<\/div>\t\t<\/div>\n\t<\/section>","protected":false},"excerpt":{"rendered":"","protected":false},"author":2,"featured_media":0,"parent":0,"menu_order":3,"comment_status":"closed","ping_status":"closed","template":"","meta":{"_acf_changed":false,"inline_featured_image":false,"footnotes":""},"class_list":["post-79","page","type-page","status-publish","hentry"],"acf":[],"yoast_head":"<!-- This site is optimized with the Yoast SEO plugin v27.3 - https:\/\/yoast.com\/product\/yoast-seo-wordpress\/ -->\n<title>B\u00fcro mieten in Berlin: Flexible R\u00e4ume f\u00fcr moderne Unternehmen<\/title>\n<meta name=\"description\" content=\"Entdecken Sie die flexiblen Arbeitsfl\u00e4chen \u2013 perfekt anpassbar f\u00fcr Unternehmen, die Zusammenarbeit und Innovation f\u00f6rdern.\" \/>\n<meta name=\"robots\" content=\"index, follow, max-snippet:-1, max-image-preview:large, max-video-preview:-1\" \/>\n<link rel=\"canonical\" href=\"https:\/\/www.loft-berlin.com\/en\/flats\/\" \/>\n<meta property=\"og:locale\" content=\"en_GB\" \/>\n<meta property=\"og:type\" content=\"article\" \/>\n<meta property=\"og:title\" content=\"B\u00fcro mieten in Berlin: Flexible R\u00e4ume f\u00fcr moderne Unternehmen\" \/>\n<meta property=\"og:description\" content=\"Entdecken Sie die flexiblen Arbeitsfl\u00e4chen \u2013 perfekt anpassbar f\u00fcr Unternehmen, die Zusammenarbeit und Innovation f\u00f6rdern.\" \/>\n<meta property=\"og:url\" content=\"https:\/\/www.loft-berlin.com\/en\/flats\/\" \/>\n<meta property=\"og:site_name\" content=\"LOFT by Covivio Berlin\" \/>\n<meta property=\"article:modified_time\" content=\"2025-12-22T14:47:03+00:00\" \/>\n<meta name=\"twitter:card\" content=\"summary_large_image\" \/>\n<meta name=\"twitter:label1\" content=\"Est. reading time\" \/>\n\t<meta name=\"twitter:data1\" content=\"5 minutes\" \/>\n<script type=\"application\/ld+json\" class=\"yoast-schema-graph\">{\"@context\":\"https:\\\/\\\/schema.org\",\"@graph\":[{\"@type\":\"WebPage\",\"@id\":\"https:\\\/\\\/www.loft-berlin.com\\\/flaechen\\\/\",\"url\":\"https:\\\/\\\/www.loft-berlin.com\\\/flaechen\\\/\",\"name\":\"B\u00fcro mieten in Berlin: Flexible R\u00e4ume f\u00fcr moderne Unternehmen\",\"isPartOf\":{\"@id\":\"https:\\\/\\\/www.loft-berlin.com\\\/#website\"},\"datePublished\":\"2024-05-23T12:41:14+00:00\",\"dateModified\":\"2025-12-22T14:47:03+00:00\",\"description\":\"Entdecken Sie die flexiblen Arbeitsfl\u00e4chen \u2013 perfekt anpassbar f\u00fcr Unternehmen, die Zusammenarbeit und Innovation f\u00f6rdern.\",\"breadcrumb\":{\"@id\":\"https:\\\/\\\/www.loft-berlin.com\\\/flaechen\\\/#breadcrumb\"},\"inLanguage\":\"en-GB\",\"potentialAction\":[{\"@type\":\"ReadAction\",\"target\":[\"https:\\\/\\\/www.loft-berlin.com\\\/flaechen\\\/\"]}]},{\"@type\":\"BreadcrumbList\",\"@id\":\"https:\\\/\\\/www.loft-berlin.com\\\/flaechen\\\/#breadcrumb\",\"itemListElement\":[{\"@type\":\"ListItem\",\"position\":1,\"name\":\"Home\",\"item\":\"https:\\\/\\\/www.loft-berlin.com\\\/\"},{\"@type\":\"ListItem\",\"position\":2,\"name\":\"FL\u00c4CHEN\"}]},{\"@type\":\"WebSite\",\"@id\":\"https:\\\/\\\/www.loft-berlin.com\\\/#website\",\"url\":\"https:\\\/\\\/www.loft-berlin.com\\\/\",\"name\":\"LOFT by Covivio Berlin\",\"description\":\"\",\"potentialAction\":[{\"@type\":\"SearchAction\",\"target\":{\"@type\":\"EntryPoint\",\"urlTemplate\":\"https:\\\/\\\/www.loft-berlin.com\\\/?s={search_term_string}\"},\"query-input\":{\"@type\":\"PropertyValueSpecification\",\"valueRequired\":true,\"valueName\":\"search_term_string\"}}],\"inLanguage\":\"en-GB\"}]}<\/script>\n<!-- \/ Yoast SEO plugin. -->","yoast_head_json":{"title":"Rent an office in Berlin: flexible space for modern companies","description":"Discover the flexible workspaces - perfectly customisable for companies that promote collaboration and innovation.","robots":{"index":"index","follow":"follow","max-snippet":"max-snippet:-1","max-image-preview":"max-image-preview:large","max-video-preview":"max-video-preview:-1"},"canonical":"https:\/\/www.loft-berlin.com\/en\/flats\/","og_locale":"en_GB","og_type":"article","og_title":"B\u00fcro mieten in Berlin: Flexible R\u00e4ume f\u00fcr moderne Unternehmen","og_description":"Entdecken Sie die flexiblen Arbeitsfl\u00e4chen \u2013 perfekt anpassbar f\u00fcr Unternehmen, die Zusammenarbeit und Innovation f\u00f6rdern.","og_url":"https:\/\/www.loft-berlin.com\/en\/flats\/","og_site_name":"LOFT by Covivio Berlin","article_modified_time":"2025-12-22T14:47:03+00:00","twitter_card":"summary_large_image","twitter_misc":{"Est. reading time":"5 minutes"},"schema":{"@context":"https:\/\/schema.org","@graph":[{"@type":"WebPage","@id":"https:\/\/www.loft-berlin.com\/flaechen\/","url":"https:\/\/www.loft-berlin.com\/flaechen\/","name":"Rent an office in Berlin: flexible space for modern companies","isPartOf":{"@id":"https:\/\/www.loft-berlin.com\/#website"},"datePublished":"2024-05-23T12:41:14+00:00","dateModified":"2025-12-22T14:47:03+00:00","description":"Discover the flexible workspaces - perfectly customisable for companies that promote collaboration and innovation.","breadcrumb":{"@id":"https:\/\/www.loft-berlin.com\/flaechen\/#breadcrumb"},"inLanguage":"en-GB","potentialAction":[{"@type":"ReadAction","target":["https:\/\/www.loft-berlin.com\/flaechen\/"]}]},{"@type":"BreadcrumbList","@id":"https:\/\/www.loft-berlin.com\/flaechen\/#breadcrumb","itemListElement":[{"@type":"ListItem","position":1,"name":"Home","item":"https:\/\/www.loft-berlin.com\/"},{"@type":"ListItem","position":2,"name":"FL\u00c4CHEN"}]},{"@type":"WebSite","@id":"https:\/\/www.loft-berlin.com\/#website","url":"https:\/\/www.loft-berlin.com\/","name":"LOFT by Covivio Berlin","description":"","potentialAction":[{"@type":"SearchAction","target":{"@type":"EntryPoint","urlTemplate":"https:\/\/www.loft-berlin.com\/?s={search_term_string}"},"query-input":{"@type":"PropertyValueSpecification","valueRequired":true,"valueName":"search_term_string"}}],"inLanguage":"en-GB"}]}},"_links":{"self":[{"href":"https:\/\/www.loft-berlin.com\/en\/wp-json\/wp\/v2\/pages\/79","targetHints":{"allow":["GET"]}}],"collection":[{"href":"https:\/\/www.loft-berlin.com\/en\/wp-json\/wp\/v2\/pages"}],"about":[{"href":"https:\/\/www.loft-berlin.com\/en\/wp-json\/wp\/v2\/types\/page"}],"author":[{"embeddable":true,"href":"https:\/\/www.loft-berlin.com\/en\/wp-json\/wp\/v2\/users\/2"}],"replies":[{"embeddable":true,"href":"https:\/\/www.loft-berlin.com\/en\/wp-json\/wp\/v2\/comments?post=79"}],"version-history":[{"count":75,"href":"https:\/\/www.loft-berlin.com\/en\/wp-json\/wp\/v2\/pages\/79\/revisions"}],"predecessor-version":[{"id":1478,"href":"https:\/\/www.loft-berlin.com\/en\/wp-json\/wp\/v2\/pages\/79\/revisions\/1478"}],"wp:attachment":[{"href":"https:\/\/www.loft-berlin.com\/en\/wp-json\/wp\/v2\/media?parent=79"}],"curies":[{"name":"wp","href":"https:\/\/api.w.org\/{rel}","templated":true}]}}